{"id":597,"date":"2021-08-19T20:39:55","date_gmt":"2021-08-19T18:39:55","guid":{"rendered":"https:\/\/www.workcontrol.ch\/?page_id=597"},"modified":"2023-07-21T09:17:16","modified_gmt":"2023-07-21T07:17:16","slug":"protection-des-donnees","status":"publish","type":"page","link":"https:\/\/www.workcontrol.ch\/fr\/protection-des-donnees\/","title":{"rendered":"Protection des donn\u00e9es"},"content":{"rendered":"\n<h2 class=\"wp-block-heading\"><strong>Introduction<\/strong><\/h2>\n\n\n\n<p>Pour nous, il est important que vous vous sentiez en s\u00e9curit\u00e9 lorsque vous consultez notre site. Dans la pr\u00e9sente <strong>politique de confidentialit\u00e9<\/strong>, nous pr\u00e9cisons quelles sont les donn\u00e9es que nous collectons et \u00e0 quelles fins nous les traitons.<\/p>\n\n\n\n<p>Les donn\u00e9es personnelles que vous communiquez \u00e0 WORKCONTROL lors de votre utilisation du site sont trait\u00e9es en vertu de la<strong>&nbsp;loi suisse sur la protection des donn\u00e9es (LPD)<\/strong>, du <strong>r\u00e8glement g\u00e9n\u00e9ral sur la protection des donn\u00e9es (RGPD)<\/strong> de l\u2019Union europ\u00e9enne et d\u2019autres dispositions l\u00e9gales.<\/p>\n\n\n\n<p>La pr\u00e9sente d\u00e9claration relative \u00e0 la politique de confidentialit\u00e9 informe les visiteurs et les utilisateurs du site en ce qui concerne le traitement de leurs donn\u00e9es personnelles. Nous nous r\u00e9servons le droit de modifier ponctuellement cette politique de confidentialit\u00e9. Par cons\u00e9quent, nous vous invitons \u00e0 la consulter r\u00e9guli\u00e8rement. La date (version) de la derni\u00e8re mise \u00e0 jour est indiqu\u00e9e dans ce paragraphe d\u2019introduction \u00e0 la politique de confidentialit\u00e9.<\/p>\n\n\n\n<p>WORKCONTROL&nbsp;Suisse AG<\/p>\n\n\n\n<p><strong>Version:<\/strong> juillet 2023<\/p>\n\n\n\n<h2 class=\"wp-block-heading\"><strong>Traitement des donn\u00e9es <\/strong><\/h2>\n\n\n\n<h4 class=\"wp-block-heading\"><strong>Que sont les donn\u00e9es personnelles?<\/strong><\/h4>\n\n\n\n<p>Les donn\u00e9es personnelles correspondent \u00e0 toutes les informations qui se rapportent \u00e0 une personne physique ou morale identifi\u00e9e ou identifiable (par exemple, nom, adresse, num\u00e9ro de t\u00e9l\u00e9phone, date de naissance ou adresse e-mail). Vous pouvez \u00eatre amen\u00e9 \u00e0 saisir des donn\u00e9es personnelles pour b\u00e9n\u00e9ficier de certains services de notre site (par exemple, formulaire de contact, portail \/ compte utilisateur). En principe, vous pouvez utiliser notre site sans indiquer de donn\u00e9es personnelles. Nous ne traitons donc pas syst\u00e9matiquement des donn\u00e9es personnelles, mais seulement dans certaines circonstances et \u00e0 certaines fins.<\/p>\n\n\n\n<h4 class=\"wp-block-heading\"><strong><strong>Qui est responsable du traitement des donn\u00e9es personnelles?<\/strong><\/strong><\/h4>\n\n\n\n<p>WORKCONTROL\u00a0Suisse AG, Ch\u00e4nnelmattstrasse 9, CH-3186 D\u00fcdingen<\/p>\n\n\n\n<h4 class=\"wp-block-heading\"><strong>Dans quelles circonstances d\u2019utilisation du site traitons-nous des donn\u00e9es personnelles?<\/strong><\/h4>\n\n\n\n<p>Nous traitons des donn\u00e9es personnelles dans les circonstances suivantes:<\/p>\n\n\n\n<ul class=\"wp-block-list\"><li><strong><strong>Consultation du site Web:<\/strong><\/strong> nous traitons des donn\u00e9es personnelles dans la mesure o\u00f9 notre site fait appel \u00e0 des <a href=\"#logfiles\">fichiers journaux<\/a>, des <a href=\"#cookies\">cookies<\/a>, des <a href=\"#webanalyse\">outils d\u2019analyse Web<\/a> et des <a href=\"#plugins\">plugins<\/a>.<\/li><li><strong><strong>Utilisation du portail \/ du compte utilisateur<\/strong>:<\/strong> nous traitons des donn\u00e9es personnelles lorsque vous vous inscrivez pour b\u00e9n\u00e9ficier de nos prestations de services. <\/li><li><strong><strong>Utilisation du formulaire de contact<\/strong>:<\/strong>&nbsp;nous traitons les donn\u00e9es personnelles que vous saisissez dans le formulaire de contact destin\u00e9 \u00e0 nos \u00e9quipes de vente et de conseil.<\/li><\/ul>\n\n\n\n<h4 class=\"wp-block-heading\"><strong>A quelles fins traitons-nous les donn\u00e9es personnelles?<\/strong><\/h4>\n\n\n\n<p>Nous traitons les donn\u00e9es personnelles aux fins suivantes:<\/p>\n\n\n\n<ul class=\"wp-block-list\"><li>Mise \u00e0 disposition du site<\/li><li>Fonctionnement des services disponibles sur le site (formulaire de contact, portail \/ compte utilisateur)<\/li><li>Optimisation du site<\/li><li>Optimisation des services disponibles sur le site<\/li><li>Maintien de la s\u00e9curit\u00e9 des donn\u00e9es sur le site et au niveau des services disponibles<\/li><\/ul>\n\n\n\n<h4 class=\"wp-block-heading\"><strong>Quelles sont les bases juridiques du traitement des donn\u00e9es personnelles?<\/strong><\/h4>\n\n\n\n<p>Selon la finalit\u00e9 du traitement des donn\u00e9es, celui-ci se fonde sur diff\u00e9rentes bases juridiques:<\/p>\n\n\n\n<p><strong>Consentement:<\/strong> dans la mesure o\u00f9 nous obtenons votre consentement pour le traitement de vos donn\u00e9es personnelles, ce consentement constitue une base juridique.<\/p>\n\n\n\n<p><strong>Int\u00e9r\u00eat l\u00e9gitime:<\/strong> nous traitons \u00e9galement vos donn\u00e9es personnelles sur la base de notre int\u00e9r\u00eat l\u00e9gitime. Cela concerne notamment les traitements effectu\u00e9s aux fins suivantes:<\/p>\n\n\n\n<ul class=\"wp-block-list\"><li>Mise \u00e0 disposition du site<\/li><li>Fonctionnement des services disponibles sur notre site<\/li><li>Optimisation du site et de l\u2019utilisation de ses services<\/li><li>Optimisation des services disponibles sur notre site<\/li><li>Maintien de la s\u00e9curit\u00e9 des donn\u00e9es sur le site et au niveau des services disponibles<\/li><\/ul>\n\n\n\n<p><strong><strong>Ex\u00e9cution d\u2019un contrat ou de mesures pr\u00e9contractuelles:<\/strong> <\/strong>nous traitons les donn\u00e9es personnelles n\u00e9cessaires \u00e0 l\u2019ex\u00e9cution de mesures pr\u00e9contractuelles ou d\u2019un contrat. En particulier, nous traitons les donn\u00e9es li\u00e9es aux situations suivantes:<\/p>\n\n\n\n<ul class=\"wp-block-list\"><li>Un client actuel ou potentiel renseigne notre formulaire de contact<\/li><li>Des clients utilisent le portail \/ leur compte utilisateur<\/li><\/ul>\n\n\n\n<p><strong><strong>Obligation l\u00e9gale<\/strong>:<\/strong> si le traitement des donn\u00e9es personnelles a lieu du fait d\u2019une obligation l\u00e9gale, celle-ci constitue une base juridique. Cela peut concerner par exemple la transmission de donn\u00e9es personnelles \u00e0 des tiers, ainsi que la dur\u00e9e ou les limites de conservation.<\/p>\n\n\n\n<h2 class=\"wp-block-heading\"><strong>Transmission de donn\u00e9es personnelles \u00e0 des tiers<\/strong><\/h2>\n\n\n\n<h4 class=\"wp-block-heading\"><strong>Transmettons-nous des donn\u00e9es personnelles \u00e0 des tiers?<\/strong><\/h4>\n\n\n\n<p>En principe, nous ne transmettons vos donn\u00e9es personnelles \u00e0 des tiers que si nous disposons d\u2019un accord de votre part ou s\u2019il existe un int\u00e9r\u00eat l\u00e9gitime de notre part. Par ailleurs, nous pouvons \u00eatre amen\u00e9s \u00e0 communiquer des donn\u00e9es personnelles \u00e0 des tiers si nous y sommes oblig\u00e9s du fait de dispositions l\u00e9gales ou d\u2019une d\u00e9cision administrative ou judiciaire ex\u00e9cutoire.<\/p>\n\n\n\n<h4 class=\"wp-block-heading\"><strong>Faisons-nous appel \u00e0 des tiers pour traiter les donn\u00e9es personnelles?<\/strong><\/h4>\n\n\n\n<p>Nous recourons \u00e0 des prestataires pour le traitement des donn\u00e9es. Ces derniers interviennent en g\u00e9n\u00e9ral en qualit\u00e9 de sous-traitants que nous mandatons pour traiter les donn\u00e9es personnelles exclusivement selon nos instructions.<\/p>\n\n\n\n<h4 class=\"wp-block-heading\"><strong>Transmettons-nous des donn\u00e9es personnelles \u00e0 des destinataires situ\u00e9s dans des pays tiers (hors de Suisse, de l\u2019UE ou de l\u2019Espace \u00e9conomique europ\u00e9en)?<\/strong><\/h4>\n\n\n\n<p><strong>Site Web: <\/strong>nous transmettons des donn\u00e9es personnelles \u00e0 des tiers \/ des sous-traitants dont certains n\u2019ont pas leur si\u00e8ge en Suisse ou dans l\u2019UE \/ l\u2019Espace \u00e9conomique europ\u00e9en. Avant toute transmission de donn\u00e9es, nous v\u00e9rifions que le destinataire applique un niveau de protection des donn\u00e9es ad\u00e9quat ou que nous disposons du consentement de la personne concern\u00e9e.<\/p>\n\n\n\n<p><strong><strong>Portail \/ compte utilisateur<\/strong>: <\/strong>nous ne communiquons pas vos donn\u00e9es \u00e0 des destinataires situ\u00e9s dans un pays tiers. Vos donn\u00e9es restent en Suisse.<\/p>\n\n\n\n<h2 class=\"wp-block-heading\"><strong>Dur\u00e9e et limites de conservation<\/strong><\/h2>\n\n\n\n<h4 class=\"wp-block-heading\"><strong>Combien de temps conservons-nous vos donn\u00e9es personnelles?<\/strong><\/h4>\n\n\n\n<p>Nous conservons vos donn\u00e9es aussi longtemps qu\u2019elles sont n\u00e9cessaires au fonctionnement du site et \u00e0 la fourniture de nos services, ou tant que nous avons un int\u00e9r\u00eat l\u00e9gitime \u00e0 le faire. Dans tous les autres cas, nous effa\u00e7ons vos donn\u00e9es personnelles, \u00e0 l\u2019exception des donn\u00e9es que nous sommes tenus de conserver pour satisfaire des obligations l\u00e9gales (par ex. obligation de conservation des donn\u00e9es).<\/p>\n\n\n\n<h2 class=\"wp-block-heading\"><strong>Vos droits en tant que personne concern\u00e9e<\/strong><\/h2>\n\n\n\n<h4 class=\"wp-block-heading\"><strong>Quels sont les droits des personnes concern\u00e9es?<\/strong><\/h4>\n\n\n\n<p><strong>Droit d\u2019\u00eatre inform\u00e9: <\/strong>vous avez le droit d\u2019obtenir des informations claires, transparentes, compr\u00e9hensibles et compl\u00e8tes en ce qui concerne le traitement que nous appliquons \u00e0 vos donn\u00e9es personnelles et les droits dont vous disposez par rapport au traitement de vos donn\u00e9es. Nous r\u00e9pondons \u00e0 cette obligation envers vous \u00e0 travers la pr\u00e9sente politique de confidentialit\u00e9. N\u2019h\u00e9sitez pas \u00e0 nous contacter pour obtenir des informations suppl\u00e9mentaires.<\/p>\n\n\n\n<p><strong>Droit d\u2019acc\u00e8s: <\/strong>vous avez le droit de soumettre \u00e0 tout moment une demande d\u2019acc\u00e8s gratuit aux donn\u00e9es personnelles que nous d\u00e9tenons \u00e0 votre sujet. Vous pouvez demander \u00e0 v\u00e9rifier quelles sont les donn\u00e9es personnelles que nous traitons vous concernant. Dans certains cas, ce droit peut \u00eatre restreint ou exclu, en particulier s\u2019il existe un doute \u00e0 propos de votre identit\u00e9 ou s\u2019il convient de limiter ce droit pour prot\u00e9ger d\u2019autres personnes.<\/p>\n\n\n\n<p><strong>Droit de rectification: <\/strong>vous avez le droit de faire corriger ou compl\u00e9ter les donn\u00e9es personnelles inexactes ou incompl\u00e8tes et d\u2019\u00eatre inform\u00e9 de la rectification.<\/p>\n\n\n\n<p><strong>Droit \u00e0 l\u2019effacement: <\/strong>vous avez le droit de nous demander d\u2019effacer vos donn\u00e9es personnelles si ces derni\u00e8res ne sont plus n\u00e9cessaires au regard des finalit\u00e9s pour lesquelles elles ont \u00e9t\u00e9 collect\u00e9es, si vous retirez votre consentement ou vous opposez de fait au traitement de vos donn\u00e9es ou si vos donn\u00e9es personnelles font l\u2019objet d\u2019un traitement illicite. Dans certains cas exceptionnels, le droit \u00e0 l\u2019effacement ne peut s\u2019appliquer, en particulier si le traitement des donn\u00e9es est n\u00e9cessaire \u00e0 l\u2019exercice de la libert\u00e9 d\u2019expression ou de certains droits.<\/p>\n\n\n\n<p><strong>Droit \u00e0 la limitation du traitement: <\/strong>vous avez le droit de demander \u00e0 limiter le traitement de vos donn\u00e9es personnelles dans certaines circonstances particuli\u00e8res. Vous pouvez par exemple demander l\u2019interruption (provisoire) des traitements appliqu\u00e9s \u00e0 vos donn\u00e9es ou le retrait (provisoire) des donn\u00e9es personnelles publi\u00e9es sur un site.<\/p>\n\n\n\n<p><strong>Droit de retrait du consentement: <\/strong>vous avez le droit de r\u00e9voquer \u00e0 tout moment le consentement qui nous permettait de traiter vos donn\u00e9es. Le retrait de votre consentement s\u2019applique exclusivement \u00e0 la p\u00e9riode \u00e0 venir. Les traitements ant\u00e9rieurs de vos donn\u00e9es qui se fondaient sur votre consentement ne deviennent en aucun cas illicites du fait de la r\u00e9vocation.<\/p>\n\n\n\n<p><strong>Droit d\u2019opposition:<\/strong>&nbsp;vous avez le droit de vous opposer \u00e0 tout moment au traitement des donn\u00e9es personnelles vous concernant lorsque ce traitement est fond\u00e9 sur l\u2019int\u00e9r\u00eat l\u00e9gitime du responsable ou d\u2019un tiers (par ex. \u00e0 des fins de marketing direct).<\/p>\n\n\n\n<h4 class=\"wp-block-heading\"><strong>Comment exercer vos droits?<\/strong><\/h4>\n\n\n\n<p>Pour exercer vos droits, merci d\u2019utiliser l\u2019adresse suivante:&nbsp;<a href=\"mailto:support@workcontrol.ch\">support@workcontrol.ch<\/a>&nbsp;<\/p>\n\n\n\n<h2 class=\"wp-block-heading\"><strong>Contact Confidentialit\u00e9<\/strong><\/h2>\n\n\n\n<p>Nous nous tenons \u00e0 votre enti\u00e8re disposition pour toute information ou question relative \u00e0 la protection des donn\u00e9es.<\/p>\n\n\n\n<p>WORKCONTROL\u00a0Suisse AG<br>Ch\u00e4nnelmattstrasse 9<br>CH-3186 D\u00fcdingen<br><a href=\"mailto:support@workcontrol.ch\">support@workcontrol.ch<\/a><\/p>\n\n\n\n<h2 class=\"wp-block-heading\" id=\"logfiles\"><strong>Fichiers journaux<\/strong><\/h2>\n\n\n\n<p>Lorsque vous acc\u00e9dez \u00e0 notre site, votre navigateur Internet nous transmet automatiquement certaines donn\u00e9es, stock\u00e9es dans ce que l\u2019on appelle des fichiers journaux.<\/p>\n\n\n\n<ul class=\"wp-block-list\"><li>Informations sur le type et la version du navigateur que vous utilisez<\/li><li>Syst\u00e8me d\u2019exploitation<\/li><li>Fournisseur d\u2019acc\u00e8s \u00e0 Internet<\/li><li>Adresse IP<\/li><li>Date et heure de l\u2019acc\u00e8s<\/li><li>Pages Web d\u2019origine, \u00e0 partir desquelles vous acc\u00e9dez \u00e0 notre site<\/li><li>Pages Web auxquelles vous acc\u00e9dez \u00e0 partir de notre site<\/li><li>Nom des fichiers consult\u00e9s<\/li><li>Volume de donn\u00e9es transmis<\/li><li>Message indiquant si vous avez r\u00e9ussi \u00e0 acc\u00e9der \u00e0 notre site<\/li><\/ul>\n\n\n\n<p>Nous sauvegardons les fichiers journaux \u00e0 des fins de d\u00e9tection de panne et de s\u00e9curit\u00e9. Nous les conservons pendant dix jours au plus, puis nous les supprimons. Les fichiers journaux que nous sommes oblig\u00e9s de conserver davantage \u00e0 des fins de preuve sont exclus de la suppression jusqu\u2019\u00e0 la r\u00e9solution d\u00e9finitive de la situation en question; exceptionnellement, nous pouvons \u00eatre amen\u00e9s \u00e0 les transmettre \u00e0 des services d\u2019enqu\u00eate officiels.<\/p>\n\n\n\n<h2 class=\"wp-block-heading\" id=\"cookies\">Cookies<\/h2>\n\n\n\n<h4 class=\"wp-block-heading\"><strong>Qu\u2019est-ce qu\u2019un cookie?<\/strong><\/h4>\n\n\n\n<p>Les cookies sont des petits fichiers texte provenant des sites Web que vous visitez\/utilisez; ces fichiers sont enregistr\u00e9s par votre navigateur Internet. Lorsque vous revenez sur un site que vous avez d\u00e9j\u00e0 visit\u00e9, le navigateur renvoie le contenu des cookies pour permettre au site de vous reconna\u00eetre.<\/p>\n\n\n\n<h4 class=\"wp-block-heading\"><strong>Combien de temps les cookies sont-ils stock\u00e9s par le navigateur?<\/strong><\/h4>\n\n\n\n<p>Certains cookies sont supprim\u00e9s automatiquement lorsque vous quittez le navigateur (les cookies de session). D\u2019autres sont enregistr\u00e9s pour une dur\u00e9e d\u00e9finie ou de fa\u00e7on permanente dans le navigateur de l\u2019internaute (cookies temporaires ou permanents); au terme de leur dur\u00e9e de vie, ils sont supprim\u00e9s.<\/p>\n\n\n\n<h4 class=\"wp-block-heading\"><strong>Quels cookies utilisons-nous et \u00e0 quelles fins?<\/strong><\/h4>\n\n\n\n<p>Les cookies nous servent \u00e0 rendre notre site plus agr\u00e9able \u00e0 consulter par les internautes, ainsi qu\u2019\u00e0 mesurer et analyser l\u2019utilisation de nos services. Certains \u00e9l\u00e9ments de notre site n\u00e9cessitent que nous puissions identifier le navigateur utilis\u00e9 pour la consultation, m\u00eame lorsque l\u2019utilisateur a quitt\u00e9 le site. Par cons\u00e9quent, notre site a recours \u00e0 des cookies qui permettent d\u2019analyser le comportement de navigation de l\u2019internaute.<\/p>\n\n\n\n<h4 class=\"wp-block-heading\"><strong>Quels sont les cookies absolument indispensables?<\/strong><\/h4>\n\n\n\n<p>Nous avons besoin de certains cookies pour pouvoir fournir nos services en ligne de mani\u00e8re s\u00fbre. Il s\u2019agit des cookies utiles aux fins suivantes:<\/p>\n\n\n\n<ul class=\"wp-block-list\"><li>Identification\/authentification des visiteurs et utilisateurs<\/li><li>Stockage temporaire des donn\u00e9es des utilisateurs (par ex. saisies dans le formulaire de contact<\/li><\/ul>\n\n\n\n<h4 class=\"wp-block-heading\"><strong>Utilisons-nous des cookies d\u2019analyse Web?<\/strong><\/h4>\n\n\n\n<p>Nous recourons \u00e0 des cookies d\u2019analyse Web afin d\u2019\u00e9valuer en termes statistiques les habitudes de navigation de nos visiteurs et utilisateurs. (Voir <a href=\"#webanalyse\">outils d\u2019analyse Web<\/a>).<\/p>\n\n\n\n<h2 class=\"wp-block-heading\" id=\"plugins\">Plugins<\/h2>\n\n\n\n<h4 class=\"wp-block-heading\"><strong>Que sont les plugins?<\/strong><\/h4>\n\n\n\n<p>Les plugins permettent d\u2019int\u00e9grer des m\u00e9dias sociaux pour les visiteurs et les utilisateurs de notre site. Ils servent aussi \u00e0 ins\u00e9rer certaines fonctions sur le site.<\/p>\n\n\n\n<p>Dans notre formulaire de contact, nous avons inclus un plugin de captcha. Ce dernier vise \u00e0 emp\u00eacher l\u2019utilisation abusive du formulaire de contact.<\/p>\n\n\n\n<p>Nous avons \u00e9galement ajout\u00e9, en regard du formulaire de contact, une carte g\u00e9ographique num\u00e9rique pour permettre aux visiteurs et aux utilisateurs de nous localiser.&nbsp;<\/p>\n\n\n\n<p><strong>Google reCaptcha:<\/strong> Google reCaptcha est un produit de Google Inc. (ci-apr\u00e8s d\u00e9nomm\u00e9e \u00abGoogle\u00bb), 1600 Amphitheatre Parkway, Mountain View, CA 94043, Etats-Unis. Pour plus d\u2019informations concernant la fonction reCaptcha de Google, voir ici: <a href=\"https:\/\/www.google.com\/recaptcha\/about\/\" target=\"_blank\" rel=\"noreferrer noopener\">https:\/\/www.google.com\/recaptcha\/about\/<\/a>. Pour consulter la politique de confidentialit\u00e9 de Google, cliquez sur ce lien: <a href=\"https:\/\/policies.google.com\/privacy?hl=fr&amp;gl=fr\" target=\"_blank\" rel=\"noreferrer noopener\">https:\/\/policies.google.com\/privacy?hl=fr&amp;gl=fr<\/a>.<\/p>\n\n\n\n<p><strong><strong>Google Maps:<\/strong><\/strong> Google Maps est un produit de Google Inc. (ci-apr\u00e8s d\u00e9nomm\u00e9e \u00abGoogle\u00bb), 1600 Amphitheatre Parkway, Mountain View, CA 94043, Etats-Unis. Pour plus d\u2019informations sur Google Maps, voir ici: <a href=\"https:\/\/cloud.google.com\/maps-platform\/\" target=\"_blank\" rel=\"noreferrer noopener\">https:\/\/cloud.google.com\/maps-platform\/<\/a>. Pour consulter la politique de confidentialit\u00e9 de Google, cliquez sur ce lien: <a href=\"https:\/\/policies.google.com\/privacy?hl=fr&amp;gl=fr\" target=\"_blank\" rel=\"noreferrer noopener\">https:\/\/policies.google.com\/privacy?hl=fr&amp;gl=fr<\/a>.<\/p>\n\n\n\n<h2 class=\"wp-block-heading\" id=\"webanalyse\"><strong>Outils d\u2019analyse Web <\/strong><\/h2>\n\n\n\n<p>Nous recourons \u00e0 des outils\/cookies d\u2019analyse Web afin d\u2019\u00e9valuer en termes statistiques les habitudes de navigation de nos visiteurs et utilisateurs. Dans ce cadre, nous mettons en \u0153uvre Google Analytics.<\/p>\n\n\n\n<p><strong>Google Analytics:<\/strong> Google Analytics est un produit de Google Inc. (ci-apr\u00e8s d\u00e9nomm\u00e9e \u00abGoogle\u00bb), 1600 Amphitheatre Parkway, Mountain View, CA 94043, Etats-Unis.<\/p>\n\n\n\n<p><strong><strong>Anonymisation des adresses IP:<\/strong><\/strong> nous utilisons Google Analytics avec l\u2019extension fournie par Google pour anonymiser les adresses IP. Avec cette extension, Google tronque l\u2019adresse IP du visiteur au niveau de l\u2019Etat situ\u00e9 dans l\u2019Union europ\u00e9enne (dans certaines circonstances exceptionnelles uniquement, l\u2019adresse IP n\u2019est tronqu\u00e9e qu\u2019aux \u00c9tats-Unis). Google ne stocke l\u2019adresse IP que dans sa forme tronqu\u00e9e.<\/p>\n\n\n\n<p><strong><strong>S\u2019opposer \u00e0 l\u2019analyse Web:<\/strong> <\/strong>vous pouvez vous opposer \u00e0 l\u2019examen de vos donn\u00e9es par l\u2019outil d\u2019analyse Web. Pour cela, t\u00e9l\u00e9chargez et installez le plugin de navigateur disponible ici: <a href=\"http:\/\/tools.google.com\/dlpage\/gaoptout?hl=fr\" target=\"_blank\" rel=\"noreferrer noopener\">tools.google.com\/dlpage\/gaoptout?hl=fr<\/a>.<\/p>\n\n\n\n<h2 class=\"wp-block-heading\">Newsletter<\/h2>\n\n\n\n<p>Sur la base de notre int\u00e9r\u00eat l\u00e9gitime, nous envoyons \u00e0 nos clients actuels et potentiels une newsletter par e-mail, afin de leur communiquer des informations sur nos services. Si vous ne souhaitez plus recevoir la newsletter, vous pouvez \u00e0 tout instant refuser cet envoi. Pour cela, utilisez l\u2019option de d\u00e9sabonnement disponible dans l\u2019e-mail de la newsletter ou contactez-nous.<\/p>\n","protected":false},"excerpt":{"rendered":"<p>Introduction Pour nous, il est important que vous vous sentiez en s\u00e9curit\u00e9 lorsque vous consultez notre site. Dans la pr\u00e9sente politique de confidentialit\u00e9, nous pr\u00e9cisons&hellip;<\/p>\n<div class=\"wp-block-buttons\">\n<div class=\"wp-block-button is-style-wcs-btn btn-wcs-primary arrowed more-link\"><a class=\"wp-block-button__link\" href=\"https:\/\/www.workcontrol.ch\/fr\/protection-des-donnees\/\">Lire la suite <span class=\"screen-reader-text\">Protection des donn\u00e9es<\/span><\/a><\/div>\n<\/div>\n","protected":false},"author":1,"featured_media":0,"parent":0,"menu_order":9000,"comment_status":"closed","ping_status":"open","template":"tmpl-extrapages-page.php","meta":{"footnotes":""},"class_list":["post-597","page","type-page","status-publish","hentry","entry"],"yoast_head":"<!-- This site is optimized with the Yoast SEO plugin v27.2 - https:\/\/yoast.com\/product\/yoast-seo-wordpress\/ -->\n<title>Protection des donn\u00e9es - Workcontrol Suisse<\/title>\n<meta name=\"robots\" content=\"index, follow, max-snippet:-1, max-image-preview:large, max-video-preview:-1\" \/>\n<link rel=\"canonical\" href=\"https:\/\/www.workcontrol.ch\/fr\/protection-des-donnees\/\" \/>\n<meta property=\"og:locale\" content=\"fr_FR\" \/>\n<meta property=\"og:type\" content=\"article\" \/>\n<meta property=\"og:title\" content=\"Protection des donn\u00e9es - Workcontrol Suisse\" \/>\n<meta property=\"og:description\" content=\"Introduction Pour nous, il est important que vous vous sentiez en s\u00e9curit\u00e9 lorsque vous consultez notre site. Dans la pr\u00e9sente politique de confidentialit\u00e9, nous pr\u00e9cisons&hellip;Lire la suite Protection des donn\u00e9es\" \/>\n<meta property=\"og:url\" content=\"https:\/\/www.workcontrol.ch\/fr\/protection-des-donnees\/\" \/>\n<meta property=\"og:site_name\" content=\"Workcontrol Suisse\" \/>\n<meta property=\"article:modified_time\" content=\"2023-07-21T07:17:16+00:00\" \/>\n<meta name=\"twitter:card\" content=\"summary_large_image\" \/>\n<script type=\"application\/ld+json\" class=\"yoast-schema-graph\">{\"@context\":\"https:\/\/schema.org\",\"@graph\":[{\"@type\":\"WebPage\",\"@id\":\"https:\/\/www.workcontrol.ch\/fr\/protection-des-donnees\/\",\"url\":\"https:\/\/www.workcontrol.ch\/fr\/protection-des-donnees\/\",\"name\":\"Protection des donn\u00e9es - Workcontrol Suisse\",\"isPartOf\":{\"@id\":\"https:\/\/www.workcontrol.ch\/fr\/#website\"},\"datePublished\":\"2021-08-19T18:39:55+00:00\",\"dateModified\":\"2023-07-21T07:17:16+00:00\",\"breadcrumb\":{\"@id\":\"https:\/\/www.workcontrol.ch\/fr\/protection-des-donnees\/#breadcrumb\"},\"inLanguage\":\"fr-FR\",\"potentialAction\":[{\"@type\":\"ReadAction\",\"target\":[\"https:\/\/www.workcontrol.ch\/fr\/protection-des-donnees\/\"]}]},{\"@type\":\"BreadcrumbList\",\"@id\":\"https:\/\/www.workcontrol.ch\/fr\/protection-des-donnees\/#breadcrumb\",\"itemListElement\":[{\"@type\":\"ListItem\",\"position\":1,\"name\":\"Home\",\"item\":\"https:\/\/www.workcontrol.ch\/fr\/\"},{\"@type\":\"ListItem\",\"position\":2,\"name\":\"Protection des donn\u00e9es\"}]},{\"@type\":\"WebSite\",\"@id\":\"https:\/\/www.workcontrol.ch\/fr\/#website\",\"url\":\"https:\/\/www.workcontrol.ch\/fr\/\",\"name\":\"Workcontrol Suisse\",\"description\":\"Entsendegesetz und Solidarhaftung gemeinsam umgesetzt\",\"publisher\":{\"@id\":\"https:\/\/www.workcontrol.ch\/fr\/#organization\"},\"potentialAction\":[{\"@type\":\"SearchAction\",\"target\":{\"@type\":\"EntryPoint\",\"urlTemplate\":\"https:\/\/www.workcontrol.ch\/fr\/?s={search_term_string}\"},\"query-input\":{\"@type\":\"PropertyValueSpecification\",\"valueRequired\":true,\"valueName\":\"search_term_string\"}}],\"inLanguage\":\"fr-FR\"},{\"@type\":\"Organization\",\"@id\":\"https:\/\/www.workcontrol.ch\/fr\/#organization\",\"name\":\"WORKCONTROL Suisse AG\",\"url\":\"https:\/\/www.workcontrol.ch\/fr\/\",\"logo\":{\"@type\":\"ImageObject\",\"inLanguage\":\"fr-FR\",\"@id\":\"https:\/\/www.workcontrol.ch\/fr\/#\/schema\/logo\/image\/\",\"url\":\"https:\/\/www.workcontrol.ch\/wp-content\/uploads\/logo-workcontrol-suisse.png\",\"contentUrl\":\"https:\/\/www.workcontrol.ch\/wp-content\/uploads\/logo-workcontrol-suisse.png\",\"width\":538,\"height\":128,\"caption\":\"WORKCONTROL Suisse AG\"},\"image\":{\"@id\":\"https:\/\/www.workcontrol.ch\/fr\/#\/schema\/logo\/image\/\"},\"sameAs\":[\"https:\/\/www.linkedin.com\/company\/workcontrol-suisse\/\"]}]}<\/script>\n<!-- \/ Yoast SEO plugin. -->","yoast_head_json":{"title":"Protection des donn\u00e9es - Workcontrol Suisse","robots":{"index":"index","follow":"follow","max-snippet":"max-snippet:-1","max-image-preview":"max-image-preview:large","max-video-preview":"max-video-preview:-1"},"canonical":"https:\/\/www.workcontrol.ch\/fr\/protection-des-donnees\/","og_locale":"fr_FR","og_type":"article","og_title":"Protection des donn\u00e9es - Workcontrol Suisse","og_description":"Introduction Pour nous, il est important que vous vous sentiez en s\u00e9curit\u00e9 lorsque vous consultez notre site. Dans la pr\u00e9sente politique de confidentialit\u00e9, nous pr\u00e9cisons&hellip;Lire la suite Protection des donn\u00e9es","og_url":"https:\/\/www.workcontrol.ch\/fr\/protection-des-donnees\/","og_site_name":"Workcontrol Suisse","article_modified_time":"2023-07-21T07:17:16+00:00","twitter_card":"summary_large_image","schema":{"@context":"https:\/\/schema.org","@graph":[{"@type":"WebPage","@id":"https:\/\/www.workcontrol.ch\/fr\/protection-des-donnees\/","url":"https:\/\/www.workcontrol.ch\/fr\/protection-des-donnees\/","name":"Protection des donn\u00e9es - Workcontrol Suisse","isPartOf":{"@id":"https:\/\/www.workcontrol.ch\/fr\/#website"},"datePublished":"2021-08-19T18:39:55+00:00","dateModified":"2023-07-21T07:17:16+00:00","breadcrumb":{"@id":"https:\/\/www.workcontrol.ch\/fr\/protection-des-donnees\/#breadcrumb"},"inLanguage":"fr-FR","potentialAction":[{"@type":"ReadAction","target":["https:\/\/www.workcontrol.ch\/fr\/protection-des-donnees\/"]}]},{"@type":"BreadcrumbList","@id":"https:\/\/www.workcontrol.ch\/fr\/protection-des-donnees\/#breadcrumb","itemListElement":[{"@type":"ListItem","position":1,"name":"Home","item":"https:\/\/www.workcontrol.ch\/fr\/"},{"@type":"ListItem","position":2,"name":"Protection des donn\u00e9es"}]},{"@type":"WebSite","@id":"https:\/\/www.workcontrol.ch\/fr\/#website","url":"https:\/\/www.workcontrol.ch\/fr\/","name":"Workcontrol Suisse","description":"Entsendegesetz und Solidarhaftung gemeinsam umgesetzt","publisher":{"@id":"https:\/\/www.workcontrol.ch\/fr\/#organization"},"potentialAction":[{"@type":"SearchAction","target":{"@type":"EntryPoint","urlTemplate":"https:\/\/www.workcontrol.ch\/fr\/?s={search_term_string}"},"query-input":{"@type":"PropertyValueSpecification","valueRequired":true,"valueName":"search_term_string"}}],"inLanguage":"fr-FR"},{"@type":"Organization","@id":"https:\/\/www.workcontrol.ch\/fr\/#organization","name":"WORKCONTROL Suisse AG","url":"https:\/\/www.workcontrol.ch\/fr\/","logo":{"@type":"ImageObject","inLanguage":"fr-FR","@id":"https:\/\/www.workcontrol.ch\/fr\/#\/schema\/logo\/image\/","url":"https:\/\/www.workcontrol.ch\/wp-content\/uploads\/logo-workcontrol-suisse.png","contentUrl":"https:\/\/www.workcontrol.ch\/wp-content\/uploads\/logo-workcontrol-suisse.png","width":538,"height":128,"caption":"WORKCONTROL Suisse AG"},"image":{"@id":"https:\/\/www.workcontrol.ch\/fr\/#\/schema\/logo\/image\/"},"sameAs":["https:\/\/www.linkedin.com\/company\/workcontrol-suisse\/"]}]}},"_links":{"self":[{"href":"https:\/\/www.workcontrol.ch\/fr\/wp-json\/wp\/v2\/pages\/597","targetHints":{"allow":["GET"]}}],"collection":[{"href":"https:\/\/www.workcontrol.ch\/fr\/wp-json\/wp\/v2\/pages"}],"about":[{"href":"https:\/\/www.workcontrol.ch\/fr\/wp-json\/wp\/v2\/types\/page"}],"author":[{"embeddable":true,"href":"https:\/\/www.workcontrol.ch\/fr\/wp-json\/wp\/v2\/users\/1"}],"replies":[{"embeddable":true,"href":"https:\/\/www.workcontrol.ch\/fr\/wp-json\/wp\/v2\/comments?post=597"}],"version-history":[{"count":11,"href":"https:\/\/www.workcontrol.ch\/fr\/wp-json\/wp\/v2\/pages\/597\/revisions"}],"predecessor-version":[{"id":1720,"href":"https:\/\/www.workcontrol.ch\/fr\/wp-json\/wp\/v2\/pages\/597\/revisions\/1720"}],"wp:attachment":[{"href":"https:\/\/www.workcontrol.ch\/fr\/wp-json\/wp\/v2\/media?parent=597"}],"curies":[{"name":"wp","href":"https:\/\/api.w.org\/{rel}","templated":true}]}}